{"id":805,"date":"2024-01-18T12:18:06","date_gmt":"2024-01-18T12:18:06","guid":{"rendered":"https:\/\/www.cursosaominuto.pt\/wordpress\/?page_id=805"},"modified":"2025-09-11T14:12:51","modified_gmt":"2025-09-11T14:12:51","slug":"curso-avancado-em-marketing-digital-e-commerce-e-redes-sociais","status":"publish","type":"page","link":"https:\/\/www.cursosaominuto.pt\/wordpress\/curso-avancado-em-marketing-digital-e-commerce-e-redes-sociais\/","title":{"rendered":"Avan\u00e7ado em Marketing Digital, e-Commerce e Redes Sociais"},"content":{"rendered":"\n<p>Investir em <strong>Marketing Digital, E-commerce e Redes Sociais<\/strong> \u00e9 uma estrat\u00e9gia essencial nos dias de hoje. Com a crescente relev\u00e2ncia do ambiente online, especializar-se nessa \u00e1rea permite impulsionar a presen\u00e7a digital das empresas, gerir opera\u00e7\u00f5es de com\u00e9rcio eletr\u00f3nico e otimizar a intera\u00e7\u00e3o nas redes sociais.<\/p>\n\n\n<div class=\"wp-block-image\">\n<figure class=\"aligncenter size-full\"><img loading=\"lazy\" decoding=\"async\" width=\"674\" height=\"469\" src=\"https:\/\/www.cursosaominuto.pt\/wordpress\/wp-content\/uploads\/2024\/01\/avan_mkt.jpeg\" alt=\"\" class=\"wp-image-576\" srcset=\"https:\/\/www.cursosaominuto.pt\/wordpress\/wp-content\/uploads\/2024\/01\/avan_mkt.jpeg 674w, https:\/\/www.cursosaominuto.pt\/wordpress\/wp-content\/uploads\/2024\/01\/avan_mkt-300x209.jpeg 300w, https:\/\/www.cursosaominuto.pt\/wordpress\/wp-content\/uploads\/2024\/01\/avan_mkt-600x418.jpeg 600w\" sizes=\"auto, (max-width: 674px) 100vw, 674px\" \/><\/figure>\n<\/div>\n\n\n<p><\/p>\n\n\n\n<p>Destaca-te no cen\u00e1rio digital, explora as \u00faltimas tend\u00eancias e contribu\u00ed para o sucesso das marcas. Essa especializa\u00e7\u00e3o abre portas para impactar o mercado digital e moldar o futuro empresarial. Come\u00e7a j\u00e1 a aprender mais sobre esta \u00e1rea com <strong>o Curso Avan\u00e7ado em Marketing Digital, E-commerce e Redes Sociais.<\/strong><\/p>\n\n\n\n<p><\/p>\n\n\n\n<div class=\"wp-block-buttons is-content-justification-center is-layout-flex wp-container-core-buttons-is-layout-16018d1d wp-block-buttons-is-layout-flex\">\n<div class=\"wp-block-button\"><a class=\"wp-block-button__link has-vivid-red-background-color has-background wp-element-button\" href=\"https:\/\/cursos360.pt\/avancado-marketing-digital-ecommerce-redes-sociais?pilot=972&amp;utm_source=organico&amp;utm_medium=opc&amp;utm_campaign=adstrategy&amp;utm_content=SITE_CM_OFERTA\" target=\"_blank\" rel=\"noreferrer noopener\"><strong>INSCREVE-TE<\/strong><\/a><\/div>\n<\/div>\n\n\n\n<p><\/p>\n\n\n\n<h2 class=\"wp-block-heading has-text-align-center\">Principais Objetivos<\/h2>\n\n\n\n<ul class=\"wp-block-list\">\n<li>Adquirir no\u00e7\u00f5es de marketing digital.<\/li>\n\n\n\n<li>Saber quais os elementos fundamentais numa estrat\u00e9gia de marketing digital.<\/li>\n\n\n\n<li>Aprender a criar um website em WordPress.<\/li>\n\n\n\n<li>Conhecer os princ\u00edpios basilares para uma presen\u00e7a profissional nas redes sociais, Facebook, Instagram, YouTube, etc.<\/li>\n\n\n\n<li>Compreender o processo de planifica\u00e7\u00e3o e cria\u00e7\u00e3o de conte\u00fados para a web e redes sociais.<\/li>\n\n\n\n<li>Desenvolver compet\u00eancias pr\u00e1ticas em gest\u00e3o de campanhas Facebook Ads e Google Ads.<\/li>\n\n\n\n<li>Aprender a desenvolver estrat\u00e9gias de SEO (Search Engine Optimization) e SEM (Search Engine Marketing).<\/li>\n\n\n\n<li>Compreender os conceitos b\u00e1sicos do mobile marketing e do e-mail marketing.<\/li>\n<\/ul>\n\n\n\n<h2 class=\"wp-block-heading has-text-align-center\">Sa\u00eddas Profissionais<\/h2>\n\n\n\n<ul class=\"wp-block-list\">\n<li>Gestor de marketing digital<\/li>\n\n\n\n<li>Gestor de redes sociais<\/li>\n\n\n\n<li>Gestor SEO<\/li>\n\n\n\n<li>Gestor SEM<\/li>\n\n\n\n<li>Gestor de conte\u00fados online<\/li>\n\n\n\n<li>Digital Strategists<\/li>\n<\/ul>\n\n\n\n<p><\/p>\n\n\n\n<div class=\"wp-block-buttons is-content-justification-center is-layout-flex wp-container-core-buttons-is-layout-16018d1d wp-block-buttons-is-layout-flex\">\n<div class=\"wp-block-button\"><a class=\"wp-block-button__link has-vivid-red-background-color has-background wp-element-button\" href=\"https:\/\/cursos360.pt\/avancado-marketing-digital-ecommerce-redes-sociais?pilot=972&amp;utm_source=organico&amp;utm_medium=opc&amp;utm_campaign=adstrategy&amp;utm_content=SITE_CM_OFERTA\" target=\"_blank\" rel=\"noopener\"><strong>SABE MAIS AQUI<\/strong><\/a><\/div>\n<\/div>\n\n\n\n<p><\/p>\n\n\n\n<h2 class=\"wp-block-heading has-text-align-center\">Vantagens<\/h2>\n\n\n\n<figure class=\"wp-block-table is-style-stripes has-small-font-size\"><table><tbody><tr><td class=\"has-text-align-center\" data-align=\"center\"><img decoding=\"async\" src=\"https:\/\/formacao-profissional.pt\/ADigital\/img\/bolsaestagios.png\" alt=\"Bolsa_De_Estagios\"><br><strong> BOLSA DE EST\u00c1GIOS<\/strong><\/td><td class=\"has-text-align-center\" data-align=\"center\"><img decoding=\"async\" src=\"https:\/\/formacao-profissional.pt\/ADigital\/img\/bolsaemprego.png\" alt=\"Bolsa_De_Emprego\"><br><strong>BOLSA DE EMPREGO<\/strong><\/td><td class=\"has-text-align-center\" data-align=\"center\"><\/td><td class=\"has-text-align-center\" data-align=\"center\"><img decoding=\"async\" src=\"https:\/\/formacao-profissional.pt\/ADigital\/img\/campusvirtual.png\" alt=\"CAMPUS_VIRTUAL\"><br><strong>CAMPUS VIRTUAL<\/strong><\/td><td class=\"has-text-align-center\" data-align=\"center\"><img decoding=\"async\" src=\"https:\/\/formacao-profissional.pt\/ADigital\/img\/tutor_especializado.png\" alt=\"TUTOR_ESPECIALIZADO\"><br><strong>TUTOR ESPECIALIZADO<\/strong><\/td><\/tr><\/tbody><\/table><\/figure>\n","protected":false},"excerpt":{"rendered":"<p>Investir em Marketing Digital, E-commerce e Redes Sociais \u00e9 uma estrat\u00e9gia essencial nos dias de hoje. Com a crescente relev\u00e2ncia do ambiente online, especializar-se nessa \u00e1rea permite impulsionar a presen\u00e7a digital das empresas, gerir opera\u00e7\u00f5es de com\u00e9rcio eletr\u00f3nico e otimizar a intera\u00e7\u00e3o nas redes sociais. Destaca-te no cen\u00e1rio digital, explora as \u00faltimas tend\u00eancias e contribu\u00ed para o sucesso das marcas. Essa especializa\u00e7\u00e3o abre portas para&hellip; <\/p>\n","protected":false},"author":1,"featured_media":0,"parent":0,"menu_order":0,"comment_status":"closed","ping_status":"closed","template":"","meta":{"footnotes":""},"class_list":["post-805","page","type-page","status-publish","hentry","clearfix"],"_links":{"self":[{"href":"https:\/\/www.cursosaominuto.pt\/wordpress\/wp-json\/wp\/v2\/pages\/805","targetHints":{"allow":["GET"]}}],"collection":[{"href":"https:\/\/www.cursosaominuto.pt\/wordpress\/wp-json\/wp\/v2\/pages"}],"about":[{"href":"https:\/\/www.cursosaominuto.pt\/wordpress\/wp-json\/wp\/v2\/types\/page"}],"author":[{"embeddable":true,"href":"https:\/\/www.cursosaominuto.pt\/wordpress\/wp-json\/wp\/v2\/users\/1"}],"replies":[{"embeddable":true,"href":"https:\/\/www.cursosaominuto.pt\/wordpress\/wp-json\/wp\/v2\/comments?post=805"}],"version-history":[{"count":11,"href":"https:\/\/www.cursosaominuto.pt\/wordpress\/wp-json\/wp\/v2\/pages\/805\/revisions"}],"predecessor-version":[{"id":3813,"href":"https:\/\/www.cursosaominuto.pt\/wordpress\/wp-json\/wp\/v2\/pages\/805\/revisions\/3813"}],"wp:attachment":[{"href":"https:\/\/www.cursosaominuto.pt\/wordpress\/wp-json\/wp\/v2\/media?parent=805"}],"curies":[{"name":"wp","href":"https:\/\/api.w.org\/{rel}","templated":true}]}}